{"id":1128,"date":"2018-10-28T19:33:41","date_gmt":"2018-10-28T18:33:41","guid":{"rendered":"https:\/\/cutinvideo.de\/site\/?page_id=1128"},"modified":"2018-10-29T09:53:49","modified_gmt":"2018-10-29T08:53:49","slug":"datenschutz","status":"publish","type":"page","link":"https:\/\/cutinvideo.de\/site\/datenschutz\/","title":{"rendered":"Datenschutz"},"content":{"rendered":"<p>[et_pb_section bb_built=&#8220;1&#8243; _builder_version=&#8220;3.0.64&#8243;][et_pb_row][et_pb_column type=&#8220;1_3&#8243;][\/et_pb_column][et_pb_column type=&#8220;2_3&#8243;][\/et_pb_column][\/et_pb_row][et_pb_row][et_pb_column type=&#8220;4_4&#8243;][et_pb_text _builder_version=&#8220;3.0.64&#8243; background_layout=&#8220;light&#8220; text_orientation=&#8220;left&#8220; border_style=&#8220;solid&#8220;]<\/p>\n<p class=\"bodytext\"><b>Datenschutzerkl\u00e4rung<\/b><\/p>\n<p class=\"bodytext\">Die nachfolgende Datenschutzerkl\u00e4rung gilt f\u00fcr die Nutzung <span lang=\"de-DE\">unseres Online-Angebots<\/span><i> www.cut-in-video.de<\/i><i> <\/i><span lang=\"de-DE\">(nachfolgend \u201eWebsite\u201c)<\/span>.<\/p>\n<p class=\"bodytext\">Wir messen dem Datenschutz gro\u00dfe Bedeutung bei. Die Erhebung und Verarbeitung Ihrer personenbezogenen Daten geschieht unter Beachtung der geltenden datenschutzrechtlichen Vorschriften, insbesondere der Datenschutzgrundverordnung (DSGVO).<\/p>\n<ol>\n<li>\n<h1 class=\"western\" lang=\"de-DE\"><a name=\"_Ref511143476\"><\/a>Verantwortlicher<\/h1>\n<\/li>\n<\/ol>\n<p class=\"bodytext\">Verantwortliche<span lang=\"de-DE\">r<\/span> f\u00fcr die Erhebung, Verarbeitung und Nutzung Ihrer <span lang=\"de-DE\">p<\/span>ersonenbezogenen Daten im Sinne <span lang=\"de-DE\">von Art. 4 Nr. 7 DSGVO <\/span>ist<\/p>\n<p class=\"bodytext\"><b>CUT IN TV &amp; Videoproduktion, Inh. Dieter Heyen , Hauptstra\u00dfe 6a \u2022 54619 \u00dcttfeld<\/b><\/p>\n<p class=\"bodytext\"><b>Telefon: 06559-9009836<\/b><\/p>\n<p class=\"bodytext\"><b>Ust.ID-Nr.: DE 812 216 091<\/b><\/p>\n<p class=\"bodytext\"><b>zust\u00e4ndiges Gewerbeamt: Verbandsgemeinde Arzfeld<\/b><\/p>\n<p class=\"bodytext\">Sofern Sie der Erhebung, Verarbeitung oder Nutzung Ihrer Daten durch uns nach Ma\u00dfgabe dieser Datenschutzbestimmungen insgesamt oder f\u00fcr einzelne Ma\u00dfnahmen widersprechen wollen, k\u00f6nnen Sie Ihren Widerspruch <span lang=\"de-DE\">an den Verantwortlichen richten.<\/span><\/p>\n<p class=\"bodytext\">Sie k\u00f6nnen diese Datenschutzerkl\u00e4rung jederzeit speichern und ausdrucken.<\/p>\n<ol start=\"2\">\n<li>\n<h1 class=\"western\" lang=\"de-DE\">Allgemeine Zwecke der Verarbeitung<\/h1>\n<\/li>\n<\/ol>\n<p class=\"bodytext\"><span lang=\"de-DE\">Wir verwenden <\/span>personenbezogene Daten zum Zweck des Betriebs der Website.<span lang=\"de-DE\"><br \/>\n<\/span><\/p>\n<ol start=\"3\">\n<li>\n<h1 class=\"western\" lang=\"de-DE\">Welche Daten wir verwenden und warum<\/h1>\n<ol>\n<li>\n<h2 class=\"western\" lang=\"de-DE\">Hosting<\/h2>\n<\/li>\n<\/ol>\n<\/li>\n<\/ol>\n<p class=\"bodytext\">Die von uns in Anspruch genommenen Hosting-Leistungen dienen der Zurverf\u00fcgungstellung der folgenden Leistungen: Infrastruktur- und Plattformdienstleistungen, Rechenkapazit\u00e4t, Speicherplatz und Datenbankdienste, Sicherheitsleistungen sowie technische Wartungsleistungen, die wir zum Zweck des Betriebs <span lang=\"de-DE\">der Website<\/span> einsetzen.<\/p>\n<p class=\"bodytext\">Hierbei verarbeiten wir, bzw. unser Hostinganbieter Bestandsdaten, Kontaktdaten, Inhaltsdaten, Vertragsdaten, Nutzungsdaten, Meta- und Kommunikationsdaten von Kunden, Interessenten und Besuchern <span lang=\"de-DE\">dieser Website<\/span> auf Grundlage unserer berechtigten Interessen an einer effizienten und sicheren Zurverf\u00fcgungstellung unser<span lang=\"de-DE\">er<\/span> <span lang=\"de-DE\">Website<\/span> gem. Art. <a href=\"https:\/\/dejure.org\/gesetze\/DSGVO\/6.html\" target=\"_blank\" rel=\"noopener\">6<\/a> Abs. 1 <span lang=\"de-DE\">S. 1 <\/span>f<span lang=\"de-DE\">)<\/span> DSGVO i.V.m. Art. <a href=\"https:\/\/dejure.org\/gesetze\/DSGVO\/28.html\" target=\"_blank\" rel=\"noopener\">28<\/a> DSGVO.<\/p>\n<ol>\n<li>\n<ol start=\"2\">\n<li>\n<h2 class=\"western\" lang=\"de-DE\">Zugriffsdaten<\/h2>\n<\/li>\n<\/ol>\n<\/li>\n<\/ol>\n<p class=\"bodytext\">Wir sammeln Informationen \u00fcber Sie, wenn Sie diese Website nutzen. Wir erfassen automatisch Informationen \u00fcber Ihr Nutzungsverhalten und Ihre Interaktion mit <span lang=\"de-DE\">uns und<\/span> registrieren Daten zu Ihrem Computer oder Mobilger\u00e4t. Wir erheben, speichern und nutzen Daten \u00fcber jeden Zugriff auf unser<span lang=\"de-DE\">e<\/span> <span lang=\"de-DE\">Website<\/span> (sogenannte Serverlogfiles). Zu den Zugriffsdaten geh\u00f6ren<span lang=\"de-DE\">:<\/span><\/p>\n<ul>\n<li>Name und URL der abgerufenen Datei<\/li>\n<li>Datum und Uhrzeit des Abrufs<\/li>\n<li>\u00fcbertragene Datenmenge<\/li>\n<li>Meldung \u00fcber erfolgreichen Abruf (HTTP response code)<\/li>\n<li>Browsertyp und Browserversion<\/li>\n<li>Betriebssystem<\/li>\n<li>Referer U<span lang=\"de-DE\">RL<\/span> (d.h. die zuvor besuchte Seite)<\/li>\n<li>Websites, die vom System des Nutzers \u00fcber unsere Website aufgerufen werden<\/li>\n<li>Internet-Service-Provider des Nutzers<\/li>\n<li>IP-Adresse und der anfragende Provider<\/li>\n<\/ul>\n<p class=\"bodytext\">Wir nutzen diese Protokolldaten ohne Zuordnung zu Ihrer Person oder sonstiger Profilerstellung f\u00fcr statistische Auswertungen zum Zweck des Betriebs, der Sicherheit und der Optimierung unsere<span lang=\"de-DE\">r<\/span> <span lang=\"de-DE\">Website<\/span>, aber auch zur anonymen Erfassung der Anzahl der Besucher auf unserer Website (traffic) sowie zu<span lang=\"de-DE\">m<\/span> Umfang und zur Art der Nutzung unserer Website und Dienste, ebenso zu Abrechnungszwecken, um die Anzahl der von Kooperationspartnern erhaltenen Clicks zu messen. Aufgrund dieser Informationen k\u00f6nnen wir personalisierte und standortbezogene Inhalte zur Verf\u00fcgung stellen und den Datenverkehr analysieren, Fehler suchen und beheben und unsere Dienste verbessern.<\/p>\n<p class=\"bodytext\"><span lang=\"de-DE\">Hierin liegt auch unser berechtigtes Interesse gem\u00e4\u00df Art 6 Abs. 1 S. 1 f) DSGVO.<\/span><\/p>\n<p class=\"bodytext\">Wir behalten uns vor, die Protokolldaten nachtr\u00e4glich zu \u00fcberpr\u00fcfen, wenn aufgrund konkreter Anhaltspunkte der berechtigte Verdacht einer rechtswidrigen Nutzung besteht. IP-Adressen speichern wir f\u00fcr einen begrenzten Zeitraum in den Logfiles, wenn dies f\u00fcr Sicherheitszwecke erforderlich oder f\u00fcr die Leistungserbringung oder die Abrechnung einer Leistung n\u00f6tig ist, z. B. wenn Sie ein<span lang=\"de-DE\">es unserer<\/span> Angebot<span lang=\"de-DE\">e<\/span> nutzen. Nach Abbruch des Vorgangs der Bestellung oder nach Zahlungseingang l\u00f6schen wir die IP-Adresse, wenn diese f\u00fcr Sicherheitszwecke nicht mehr erforderlich <span lang=\"de-DE\">ist<\/span>. IP-Adressen speichern wir auch dann, wenn wir den konkreten Verdacht einer Straftat im Zusammenhang mit der Nutzung unserer Website haben. Au\u00dferdem speichern wir als Teil Ihres Accounts das Datum Ihres letzten Besuchs (z.B. bei Registrierung, Login, Klicken von Links etc.).<\/p>\n<ol>\n<li>\n<ol start=\"3\">\n<li>\n<h2 class=\"western\" lang=\"de-DE\">Cookies<\/h2>\n<\/li>\n<\/ol>\n<\/li>\n<\/ol>\n<p class=\"bodytext\">Wir verwenden sogenannte Session-Cookies, um unser<span lang=\"de-DE\">e<\/span> <span lang=\"de-DE\">Website <\/span>zu optimieren. Ein Session-Cookie ist eine kleine Textdatei, die von den jeweiligen Servern beim Besuch einer Internetseite verschickt und auf Ihrer Festplatte zwischengespeichert wird. Diese Datei<span lang=\"de-DE\"> als solche<\/span> enth\u00e4lt <span lang=\"de-DE\">eine sogenannte Session-ID, mit welcher sich verschiedene Anfragen Ihres Browsers <\/span>der gemeinsamen Sitzung zuordnen lassen. Dadurch kann <span lang=\"de-DE\">I<\/span>hr Rechner wiedererkannt werden, wenn Sie auf unsere Website zur\u00fcckkehren. Diese Cookies werden gel\u00f6scht, nachdem Sie Ihren Browser schlie\u00dfen. Sie dienen z. B. dazu, dass Sie die Warenkorbfunktion \u00fcber mehrere Seiten hinweg nutzen k\u00f6nnen.<\/p>\n<p class=\"bodytext\">Wir verwenden in geringem Umfang auch persistente Cookies (ebenfalls kleine Textdateien, die auf Ihrem Endger\u00e4t abgelegt werden), die auf Ihrem Endger\u00e4t verbleiben und es uns erm\u00f6glichen, Ihren Browser beim n\u00e4chsten Besuch wiederzuerkennen. Diese Cookies werden auf Ihrer Festplatte gespeichert und l\u00f6schen sich nach der vorgegebenen Zeit von allein. Ihre Lebensdauer betr\u00e4gt 1 Monat bis 10 Jahre<span lang=\"de-DE\">.<\/span> So k\u00f6nnen wir Ihnen unser Angebot nutzerfreundlicher, effektiver und sicherer pr\u00e4sentieren<span lang=\"de-DE\"> und <\/span>Ihnen beispielsweise speziell auf Ihre Interessen abgestimmte Informationen auf der Seite anzeigen.<\/p>\n<p class=\"bodytext\"><span lang=\"de-DE\">Unser berechtigtes Interesse an der Nutzung der Cookies gem\u00e4\u00df Art 6 Abs. 1 S. 1 f) DSGVO liegt darin, unsere Website nutzerfreundlicher, effektiver und sicherer zu machen.<\/span><\/p>\n<p class=\"bodytext\">In den Cookies werden etwa folgende Daten und Informationen gespeichert:<\/p>\n<ul>\n<li>Log-In-Informationen<\/li>\n<li>Spracheinstellungen<\/li>\n<li>eingegebene Suchbegriffe<\/li>\n<li>Informationen \u00fcber die Anzahl der Aufrufe unserer Website sowie Nutzung einzelner Funktionen unseres Internetauftritts.<\/li>\n<\/ul>\n<p class=\"bodytext\">Bei Aktivierung des Cookies wird diesem eine Identifikationsnummer zugewiesen und eine Zuordnung Ihrer personenbezogenen Daten zu dieser Identifikationsnummer wird nicht vorgenommen. Ihr Name, Ihre IP-Adresse oder \u00e4hnliche Daten, die eine Zuordnung des Cookies zu Ihnen erm\u00f6glichen w\u00fcrde<span lang=\"de-DE\">n<\/span>, werden nicht in den Cookie eingelegt. Auf Basis der Cookie-Technologie erhalten wir lediglich pseudonymisierte Informationen, beispielsweise dar\u00fcber, welche Seiten unseres Shops besucht wurden, welche Produkte angesehen wurden, etc.<\/p>\n<p class=\"bodytext\">Sie k\u00f6nnen Ihren Browser so einstellen, dass Sie \u00fcber das Setzen von Cookies vorab informiert werden und im Einzelfall entscheiden k\u00f6nnen, ob Sie die Annahme von Cookies f\u00fcr bestimmte F\u00e4lle oder generell ausschlie\u00dfen, oder dass Cookies komplett verhindert werden. Dadurch kann die Funktionalit\u00e4t der Website eingeschr\u00e4nkt werden.<\/p>\n<ol>\n<li>\n<ol start=\"4\">\n<li>\n<h2 class=\"western\" lang=\"de-DE\">Daten zur Erf\u00fcllung unserer vertraglichen Pflichten<\/h2>\n<\/li>\n<\/ol>\n<\/li>\n<\/ol>\n<p class=\"bodytext\">Wir verarbeiten personenbezogene Daten, die wir zur Erf\u00fcllung unserer\u00a0vertraglichen Pflichten ben\u00f6tigen, etwa Name, Adresse, E-Mail-Adresse,\u00a0\u00a0bestellte Produkte, Rechnungs- und Zahlungsdaten. Die Erhebung dieser Daten ist f\u00fcr den Vertragsschluss erforderlich.<\/p>\n<p class=\"bodytext\">Die L\u00f6schung der Daten erfolgt nach Ablauf der Gew\u00e4hrleistungsfristen und gesetzlicher Aufbewahrungsfristen. Daten, die mit einem Nutzerkonto verkn\u00fcpft sind (siehe unten), bleiben in jedem Fall f\u00fcr die Zeit der F\u00fchrung dieses Kontos erhalten.<\/p>\n<p class=\"bodytext\">Die Rechtgrundlage f\u00fcr die Verarbeitung dieser Daten ist Art. 6 Abs. 1 <span lang=\"de-DE\">S. 1 <\/span>b<span lang=\"de-DE\">)<\/span> DSGVO, denn diese Daten werden ben\u00f6tigt, damit wir unsere vertraglichen Pflichten Ihnen gegen\u00fcber erf\u00fcllen k\u00f6nnen.<\/p>\n<ol>\n<li>\n<ol start=\"5\">\n<li>\n<h2 class=\"western\" lang=\"de-DE\">Nutzerkonto<\/h2>\n<\/li>\n<\/ol>\n<\/li>\n<\/ol>\n<p class=\"bodytext\">Sie k\u00f6nnen auf unserer <span lang=\"de-DE\">Website<\/span> ein Nutzerkonto anlegen. W\u00fcnschen Sie dies, so ben\u00f6tigen wir die beim Login abgefragten personenbezogenen Daten. Beim sp\u00e4teren Einloggen werden nur Ihre Email<span lang=\"de-DE\"> bzw. Benutzername<\/span> und das von Ihnen gew\u00e4hlte Passwort ben\u00f6tigt.<\/p>\n<p class=\"bodytext\">F\u00fcr die Neuregistrierung erheben wir <span lang=\"de-DE\">Stammdaten (z. B. Name, Adresse), Kommunikationsdaten (z. B. E-Mail-Adresse) und Zahlungsdaten (Bankverbindung) sowie Zugangsdaten (Benutzername u. Passwort).<\/span><\/p>\n<p class=\"bodytext\">Um Ihre ordnungsgem\u00e4\u00dfe Anmeldung sicherzustellen und unautorisierte Anmeldungen durch Dritte zu verhindern, erhalten Sie nach Ihrer Registrierung einen Aktivierungslink per E-Mail, um Ihren Account zu aktivieren. <span lang=\"de-DE\">Erst n<\/span>ach erfolgter Registrierung speichern wir die von Ihnen \u00fcbermittelten Daten<span lang=\"de-DE\"> dauerhaft in unserem System.<\/span><\/p>\n<p class=\"bodytext\">Sie k\u00f6nnen ein einmal angelegtes Nutzerkonto jederzeit von uns l\u00f6schen lassen, ohne dass hierf\u00fcr andere als die \u00dcbermittlungskosten nach den Basistarifen entstehen. Eine Mitteilung in Textform an die unter Ziffer 1 genannten Kontaktdaten (z.B. E-Mail, Fax, Brief) reicht hierf\u00fcr aus. Wir werden dann Ihre gespeicherten personenbezogenen Daten l\u00f6schen, soweit wir diese nicht noch zur Abwicklung von Bestellungen oder aufgrund gesetzlicher Aufbewahrungspflichten speichern m\u00fcssen.<\/p>\n<p class=\"bodytext\">Rechtgrundlage f\u00fcr die Verarbeitung dieser Daten ist Ihre Einwilligung gem<span lang=\"de-DE\">\u00e4\u00df<\/span> Art. 6 Abs. 1 <span lang=\"de-DE\">S. 1<\/span> a<span lang=\"de-DE\">)<\/span> DSGVO.<\/p>\n<ol>\n<li>\n<ol start=\"6\">\n<li>\n<h2 class=\"western\" lang=\"de-DE\">Newsletter<\/h2>\n<\/li>\n<\/ol>\n<\/li>\n<\/ol>\n<p class=\"bodytext\">Zur Anmeldung f\u00fcr den Newsletter werden die im Anmeldeprozess abgefragten Daten ben\u00f6tigt. Die Anmeldung zum Newsletter wird protokolliert. Nach der Anmeldung erhalten sie auf die angegebene Emailadresse eine Nachricht, in der Sie um die Best\u00e4tigung der Anmeldung gebeten werden (&#8222;Double Opt-in&#8220;). Das ist notwendig, damit sich nicht Dritte mit ihrer Emailadresse anmelden k\u00f6nnen.<\/p>\n<p class=\"bodytext\">Sie k\u00f6nnen jederzeit Ihre Einwilligung zum Empfang des Newsletters widerrufen und somit den Newsletter abbestellen.<\/p>\n<p class=\"bodytext\">Wir speichern die Anmeldedaten solange diese f\u00fcr den Versand des Newsletters ben\u00f6tigt werden. Die Protokollierung der Anmeldung und die Versandadresse speichern wir, solange ein Interesse am Nachweis der urspr\u00fcnglich gegebenen Einwilligung bestand, in der Regel sind das die Verj\u00e4hrungsfristen f\u00fcr zivilrechtliche Anspr\u00fcche, mithin maximal drei Jahre.<\/p>\n<p class=\"bodytext\"><a name=\"_Hlk514617905\"><\/a> Rechtsgrundlage f\u00fcr den Versand des Newsletters ist Ihre Einwilligung gem. Art. 6 Abs. 1 <span lang=\"de-DE\">S. 1<\/span> a<span lang=\"de-DE\">) iVm<\/span> Art. 7 DSGVO i<span lang=\"de-DE\">Vm <\/span>\u00a7 7 Abs. 2 Nr. 3 UWG<span lang=\"de-DE\">.<\/span> Rechtsgrundlage f\u00fcr die Protokollierung der Anmeldung ist unser berechtigtes Interesse am Nachweis, dass der Versand mit Ihrer Einwilligung vorgenommen wurde.<\/p>\n<p class=\"bodytext\">Sie k\u00f6nnen die Anmeldung jederzeit r\u00fcckg\u00e4ngig machen, ohne dass hierf\u00fcr andere als die \u00dcbermittlungskosten nach den Basistarifen entstehen. Eine Mitteilung in Textform an die unter Ziffer 1 genannten Kontaktdaten (z.B. E-Mail, Fax, Brief) reicht hierf\u00fcr aus. Selbstverst\u00e4ndlich finden Sie auch in jedem Newsletter einen Abmelde-Link.<\/p>\n<ol>\n<li>\n<ol start=\"7\">\n<li>\n<h2 class=\"western\" lang=\"de-DE\">Produktempfehlungen<\/h2>\n<\/li>\n<\/ol>\n<\/li>\n<\/ol>\n<p class=\"bodytext\">Wir senden Ihnen unabh\u00e4ngig vom Newsletter regelm\u00e4\u00dfig Produktempfehlungen per <span lang=\"de-DE\">E-<\/span>Mail zu. Auf diese Weise lassen wir Ihnen Informationen \u00fcber Produkte aus unserem Angebot zukommen, f\u00fcr die Sie sich auf Grundlage Ihrer letzten <span lang=\"de-DE\">K\u00e4ufe von Waren oder Dienstleistungen<\/span> bei uns interessieren k\u00f6nnten. Dabei richten wir uns streng nach den gesetzlichen Vorgaben. Dem k\u00f6nnen Sie jederzeit widersprechen, ohne dass hierf\u00fcr andere als die \u00dcbermittlungskosten nach den Basistarifen entstehen. Eine Mitteilung in Textform an die unter Ziffer 1 genannten Kontaktdaten (z.B. E-Mail, Fax, Brief) reicht hierf\u00fcr aus. Selbstverst\u00e4ndlich finden Sie auch in jeder E-Mail einen Abmelde-Link.<\/p>\n<p class=\"bodytext\"><span lang=\"de-DE\">Rechtsgrundlage hierf\u00fcr ist <\/span>die gesetzliche Erlaubnis nach<span lang=\"de-DE\"> Art. 6 Abs. 1 S. 1 f) DSGVO iVm <\/span>\u00a7 7 Abs. 3 UWG.<\/p>\n<ol>\n<li>\n<ol start=\"8\">\n<li>\n<h2 class=\"western\" lang=\"de-DE\">E-Mail Kontakt<\/h2>\n<\/li>\n<\/ol>\n<\/li>\n<\/ol>\n<p class=\"bodytext\">Wenn Sie mit uns in Kontakt treten (z. B. per Kontaktformular oder E-Mail), <span lang=\"de-DE\">verarbeiten <\/span>wir Ihre Angaben zur Bearbeitung der Anfrage sowie f\u00fcr den Fall, dass Anschlussfragen entstehen.<\/p>\n<p class=\"bodytext\"><span lang=\"de-DE\">Erfolgt die Datenverarbeitung zur <\/span>Durchf\u00fchrung vorvertraglicher Ma\u00dfnahmen, die auf Ihre Anfrage hin erfolgen, bzw., wenn Sie bereits unser Kunde sind, <span lang=\"de-DE\">zur<\/span> Durchf\u00fchrung des Vertrages,<span lang=\"de-DE\"> ist <\/span>Rechtsgrundlage f\u00fcr diese Datenverarbeitung Art. 6 Abs. 1 <span lang=\"de-DE\">S<\/span>.<span lang=\"de-DE\"> 1<\/span> b) DSGVO.<\/p>\n<p class=\"bodytext\">Weitere personenbezogene Daten <span lang=\"de-DE\">verarbeiten <\/span>wir nur, wenn Sie dazu einwilligen <span lang=\"de-DE\">(<\/span>Art. 6 Abs. 1 <span lang=\"de-DE\">S<\/span>.<span lang=\"de-DE\"> 1<\/span> <span lang=\"de-DE\">a<\/span>) DSGVO<span lang=\"de-DE\">) <\/span>oder <span lang=\"de-DE\">wir ein berechtigtes Interesse an der Verarbeitung Ihrer Daten haben (<\/span>Art. 6 Abs. 1 <span lang=\"de-DE\">S<\/span>.<span lang=\"de-DE\"> 1<\/span> <span lang=\"de-DE\">f<\/span>) DSGVO<span lang=\"de-DE\">)<\/span>.<span lang=\"de-DE\"> Ein berechtigtes Interesse liegt z. B. darin, auf Ihre E-Mail zu antworten.<\/span><\/p>\n<ol start=\"4\">\n<li>\n<h1 class=\"western\" lang=\"de-DE\"><a name=\"_Ref511118675\"><\/a>Google Analytics<\/h1>\n<\/li>\n<\/ol>\n<p class=\"bodytext\">Wir benutzen Google Analytics, einen Webanalysedienst der Google Inc. (\u201eGoogle\u201c). Google Analytics verwendet sog. \u201eCookies\u201c, Textdateien, die auf Ihrem Computer gespeichert werden und die eine Analyse der Benutzung der Website durch Sie erm\u00f6glichen. Die durch den Cookie erzeugten Informationen \u00fcber Benutzung dieser Website durch die Seitenbesucher werden in der Regel an einen Server von Google in den USA \u00fcbertragen und dort gespeichert.<\/p>\n<p class=\"bodytext\"><span lang=\"de-DE\">Hierin liegt auch unser berechtigtes Interesse gem\u00e4\u00df Art 6 Abs. 1 S. 1 f) DSGVO.<\/span><\/p>\n<p class=\"bodytext\"><span lang=\"de-DE\">Google hat sich dem zwischen der Europ\u00e4ischen Union und den USA geschlossenen Privacy-Shield-Abkommen unterworfen und sich zertifiziert. Dadurch verpflichtet sich Google, die Standards und Vorschriften des europ\u00e4ischen Datenschutzrechts einzuhalten. N\u00e4here Informationen k\u00f6nnen Sie dem nachfolgend verlinkten Eintrag entnehmen: <a href=\"https:\/\/www.privacyshield.gov\/participant?id=a2zt000000001L5AAI&amp;status=Active\" target=\"_blank\" rel=\"noopener\">https:\/\/www.privacyshield.gov\/participant?id=a2zt000000001L5AAI&amp;status=Active<\/a>.<\/span><\/p>\n<p class=\"bodytext\"><span lang=\"de-DE\">Wir haben die<\/span> IP-Anonymisierung auf dieser Website<span lang=\"de-DE\"> aktiviert (<\/span><span lang=\"de-DE\"><i>anonymizeIp<\/i><\/span><span lang=\"de-DE\">). Dadurch<\/span> wird Ihre IP-Adresse von Google jedoch innerhalb von Mitgliedstaaten der Europ\u00e4ischen Union oder in anderen Vertragsstaaten des Abkommens \u00fcber den Europ\u00e4ischen Wirtschaftsraum zuvor gek\u00fcrzt. Nur in Ausnahmef\u00e4llen wird die volle IP-Adresse an einen Server von Google in den USA \u00fcbertragen und dort gek\u00fcrzt. In unserem Auftrag wird Google diese Informationen benutzen, um die Nutzung der Website durch Sie auszuwerten, um Reports \u00fcber die Websiteaktivit\u00e4ten zusammenzustellen und um weitere mit der Websitenutzung und der Internetnutzung verbundene Dienstleistungen uns gegen\u00fcber zu erbringen.<\/p>\n<p class=\"bodytext\">Die im Rahmen von Google Analytics von Ihrem Browser \u00fcbermittelte IP-Adresse wird nicht mit anderen Daten von Google zusammengef\u00fchrt. Sie k\u00f6nnen die Speicherung der Cookies durch eine entsprechende Einstellung Ihrer Browser-Software verhindern; wir weisen Sie jedoch darauf hin, dass Sie in diesem Fall gegebenenfalls nicht s\u00e4mtliche Funktionen dieser Website vollumf\u00e4nglich werden nutzen k\u00f6nnen.<\/p>\n<p class=\"bodytext\">Sie k\u00f6nnen dar\u00fcber hinaus die <span lang=\"de-DE\">\u00dcbertragung<\/span> der durch das Cookie erzeugten und auf <span lang=\"de-DE\">I<\/span>hre Nutzung der Website bezogenen Daten (inkl. Ihrer IP-Adresse) an Google sowie die Verarbeitung dieser Daten durch Google verhindern, indem Sie das unter dem folgenden Link verf\u00fcgbare Browser-Plugin herunterladen und installieren:\u00a0<a href=\"http:\/\/tools.google.com\/dlpage\/gaoptout?hl=de\" target=\"_blank\" rel=\"noopener\">http:\/\/tools.google.com\/dlpage\/gaoptout?hl=de<\/a>.<\/p>\n<ol start=\"5\">\n<li>\n<h1 class=\"western\" lang=\"de-DE\">Speicherdauer<\/h1>\n<\/li>\n<\/ol>\n<p class=\"bodytext\"><span lang=\"de-DE\">Sofern nicht spezifisch angegeben speichern wir personenbezogene Daten nur so lange, wie dies zur Erf\u00fcllung der verfolgten Zwecke notwendig ist.<\/span><\/p>\n<p class=\"bodytext\">In einigen F\u00e4llen sieht der Gesetzgeber die Aufbewahrung von<span lang=\"de-DE\"> personenbezogenen<\/span> Daten vor, etwa im Steuer- oder Handelsrecht. In diesen F\u00e4llen werden die Daten von uns lediglich f\u00fcr diese gesetzlichen Zwecke weiter gespeichert<span lang=\"de-DE\">,<\/span> aber nicht anderweitig verarbeitet und nach Ablauf der gesetzlichen Aufbewahrungsfrist gel\u00f6scht.<\/p>\n<ol start=\"6\">\n<li>\n<h1 class=\"western\" lang=\"de-DE\">Ihre Rechte als von der Datenverarbeitung Betroffener<\/h1>\n<\/li>\n<\/ol>\n<p class=\"bodytext\"><span lang=\"de-DE\">Nach den anwendbaren Gesetzen haben Sie verschiedene Rechte bez\u00fcglich Ihrer personenbezogenen Daten. M\u00f6chten Sie diese Rechte geltend machen, so <\/span>richten Sie Ihre Anfrage bitte per E-Mail oder per Post unter eindeutiger Identifizierung Ihrer Person an die in Ziffer <span lang=\"de-DE\">1<\/span> genannte Adresse.<\/p>\n<p class=\"bodytext\"><span lang=\"de-DE\">Nachfolgend finden Sie eine \u00dcbersicht \u00fcber Ihre Rechte.<\/span><\/p>\n<ol>\n<li>\n<ol>\n<li>\n<h2 class=\"western\" lang=\"de-DE\">Recht auf Best\u00e4tigung und Auskunft<\/h2>\n<\/li>\n<\/ol>\n<\/li>\n<\/ol>\n<p class=\"bodytext\">Sie haben das Recht auf eine \u00fcbersichtliche Auskunft \u00fcber die Verarbeitung Ihrer personenbezogenen Daten.<\/p>\n<p class=\"bodytext\">Im Einzelnen:<\/p>\n<p class=\"bodytext\"><span lang=\"de-DE\">Sie haben jederzeit das Recht, von uns eine Best\u00e4tigung dar\u00fcber zu erhalten, ob Sie betreffende personenbezogene Daten verarbeitet werden. Ist dies der Fall, so haben Sie das Recht, von uns eine unentgeltliche Auskunft \u00fcber die zu Ihnen gespeicherten personenbezogenen Daten nebst einer Kopie dieser Daten zu verlangen. Des Weiteren besteht ein Recht auf folgende Informationen: <\/span><\/p>\n<ol>\n<li>die Verarbeitungszwecke;<\/li>\n<li>die Kategorien personenbezogener Daten, die verarbeitet werden;<\/li>\n<li>die Empf\u00e4nger oder Kategorien von Empf\u00e4ngern, gegen\u00fcber denen die personenbezogenen Daten offengelegt worden sind oder noch offengelegt werden, insbesondere bei Empf\u00e4ngern in Drittl\u00e4ndern oder bei internationalen Organisationen;<\/li>\n<li>falls m\u00f6glich<span lang=\"de-DE\">,<\/span> die geplante Dauer, f\u00fcr die die personenbezogenen Daten gespeichert werden, oder, falls dies nicht m\u00f6glich ist, die Kriterien f\u00fcr die Festlegung dieser Dauer;<\/li>\n<li>das Bestehen eines Rechts auf Berichtigung oder L\u00f6schung der <span lang=\"de-DE\">S<\/span>ie betreffenden personenbezogenen Daten oder auf Einschr\u00e4nkung der Verarbeitung durch den Verantwortlichen oder eines Widerspruchsrechts gegen diese Verarbeitung;<\/li>\n<li>das Bestehen eines Beschwerderechts bei einer Aufsichtsbeh\u00f6rde;<\/li>\n<li>wenn die personenbezogenen Daten nicht bei <span lang=\"de-DE\">Ihnen<\/span> erhoben werden, alle verf\u00fcgbaren Informationen \u00fcber die Herkunft der Daten;<\/li>\n<li>das Bestehen einer automatisierten Entscheidungsfindung einschlie\u00dflich Profiling gem\u00e4\u00df\u00a0<a href=\"https:\/\/dsgvo-gesetz.de\/art-22-dsgvo\/\" target=\"_blank\" rel=\"noopener\"><span lang=\"de-DE\">Art.<\/span> 22<\/a>\u00a0<span lang=\"de-DE\">Abs.<\/span> 1 und 4 DSGVO und \u2013 zumindest in diesen F\u00e4llen \u2013 aussagekr\u00e4ftige Informationen \u00fcber die involvierte Logik sowie die Tragweite und die angestrebten Auswirkungen einer derartigen Verarbeitung f\u00fcr <span lang=\"de-DE\">Sie<\/span>.<\/li>\n<\/ol>\n<p class=\"bodytext\">Werden personenbezogene Daten an ein Drittland oder an eine internationale Organisation \u00fcbermittelt, so <span lang=\"de-DE\">haben Sie<\/span> das Recht, \u00fcber die geeigneten Garantien gem\u00e4\u00df Art<span lang=\"de-DE\">.<\/span> 46 DSGVO im Zusammenhang mit der \u00dcbermittlung unterrichtet zu werden.<\/p>\n<ol>\n<li>\n<ol start=\"2\">\n<li>\n<h2 class=\"western\" lang=\"de-DE\">Recht auf Berichtigung<\/h2>\n<\/li>\n<\/ol>\n<\/li>\n<\/ol>\n<p class=\"bodytext\">Sie haben das Recht, von uns die Berichtigung und ggf. auch Vervollst\u00e4ndigung Sie betreffender personenbezogener Daten zu verlangen.<\/p>\n<p class=\"bodytext\">Im Einzelnen:<\/p>\n<p class=\"bodytext\"><span lang=\"de-DE\">Sie haben<\/span> das Recht, von <span lang=\"de-DE\">uns<\/span> unverz\u00fcglich die Berichtigung <span lang=\"de-DE\">S<\/span>ie betreffender unrichtiger personenbezogener Daten zu verlangen. Unter Ber\u00fccksichtigung der Zwecke der <span lang=\"de-DE\">Verarbeitung haben Sie<\/span> das Recht, die Vervollst\u00e4ndigung unvollst\u00e4ndiger personenbezogener Daten \u2013 auch mittels einer erg\u00e4nzenden Erkl\u00e4rung \u2013 zu verlangen.<\/p>\n<ol>\n<li>\n<ol start=\"3\">\n<li>\n<h2 class=\"western\" lang=\"de-DE\">Recht auf L\u00f6schung (&#8222;Recht auf Vergessenwerden&#8220;)<\/h2>\n<\/li>\n<\/ol>\n<\/li>\n<\/ol>\n<p class=\"bodytext\">In einer Reihe von F\u00e4llen sind wir verpflichtet, Sie betreffende personenbezogene Daten zu l\u00f6schen.<\/p>\n<p class=\"bodytext\">Im Einzelnen:<\/p>\n<p class=\"bodytext\"><span lang=\"de-DE\">Sie haben<\/span> <span lang=\"de-DE\">gem\u00e4\u00df Art. 17 Abs. 1 DSGVO <\/span>das Recht, von <span lang=\"de-DE\">uns<\/span> zu verlangen, dass <span lang=\"de-DE\">S<\/span>ie betreffende personenbezogene Daten unverz\u00fcglich gel\u00f6scht werden, und wir sind verpflichtet, personenbezogene Daten unverz\u00fcglich zu l\u00f6schen, sofern einer der folgenden Gr\u00fcnde zutrifft:<\/p>\n<ol>\n<li>Die personenbezogenen Daten sind f\u00fcr die Zwecke, f\u00fcr die sie erhoben oder auf sonstige Weise verarbeitet wurden, nicht mehr notwendig.<\/li>\n<li>Sie widerrufen Ihre Einwilligung, auf die sich die Verarbeitung gem\u00e4\u00df\u00a0<a href=\"https:\/\/dsgvo-gesetz.de\/art-6-dsgvo\/\" target=\"_blank\" rel=\"noopener\">Art<span lang=\"de-DE\">.<\/span> 6<\/a>\u00a0Abs<span lang=\"de-DE\">.<\/span> 1<span lang=\"de-DE\"> S. 1<\/span> a<span lang=\"de-DE\">)<\/span> DSGVO oder\u00a0<a href=\"https:\/\/dsgvo-gesetz.de\/art-9-dsgvo\/\" target=\"_blank\" rel=\"noopener\">Art<span lang=\"de-DE\">.<\/span> 9<\/a>\u00a0Abs<span lang=\"de-DE\">.<\/span> 2 a<span lang=\"de-DE\">)<\/span> DSGVO st\u00fctzte, und es fehlt an einer anderweitigen Rechtsgrundlage f\u00fcr die Verarbeitung.<\/li>\n<li>Sie legen gem\u00e4\u00df\u00a0<a href=\"https:\/\/dsgvo-gesetz.de\/art-21-dsgvo\/\" target=\"_blank\" rel=\"noopener\">Art<span lang=\"de-DE\">.<\/span> 21<\/a>\u00a0Abs<span lang=\"de-DE\">.<\/span> 1 DSGVO Widerspruch gegen die Verarbeitung ein und es liegen keine vorrangigen berechtigten Gr\u00fcnde f\u00fcr die Verarbeitung vor, oder Sie legen gem\u00e4\u00df\u00a0<a href=\"https:\/\/dsgvo-gesetz.de\/art-21-dsgvo\/\" target=\"_blank\" rel=\"noopener\">Art<span lang=\"de-DE\">.<\/span> 21<\/a>\u00a0Abs<span lang=\"de-DE\">.<\/span> 2 DSGVO Widerspruch gegen die Verarbeitung ein.<\/li>\n<li>Die personenbezogenen Daten wurden unrechtm\u00e4\u00dfig verarbeitet.<\/li>\n<li>Die L\u00f6schung der personenbezogenen Daten ist zur Erf\u00fcllung einer rechtlichen Verpflichtung nach dem Unionsrecht oder dem Recht der Mitgliedstaaten erforderlich, dem wir unterliegen.<\/li>\n<li>Die personenbezogenen Daten wurden in Bezug auf angebotene Dienste der Informationsgesellschaft gem\u00e4\u00df\u00a0<a href=\"https:\/\/dsgvo-gesetz.de\/art-8-dsgvo\/\" target=\"_blank\" rel=\"noopener\">Art<span lang=\"de-DE\">.<\/span> 8<\/a>\u00a0Abs<span lang=\"de-DE\">.<\/span> 1 DSGVO erhoben.<\/li>\n<\/ol>\n<p class=\"bodytext\"><span lang=\"de-DE\">Haben wir<\/span> die personenbezogenen Daten \u00f6ffentlich gemacht und <span lang=\"de-DE\">sind wir<\/span> gem\u00e4\u00df <span lang=\"de-DE\">Art. 17 Abs. 1 DSGVO <\/span>zu deren L\u00f6schung verpflichtet, so <span lang=\"de-DE\">treffen wir<\/span> unter Ber\u00fccksichtigung der verf\u00fcgbaren Technologie und der Implementierungskosten angemessene Ma\u00dfnahmen, auch technischer Art, um f\u00fcr die Datenverarbeitung Verantwortliche, die die personenbezogenen Daten verarbeiten, dar\u00fcber zu informieren, dass <span lang=\"de-DE\">Sie<\/span> von ihnen die L\u00f6schung aller Links zu diesen personenbezogenen Daten oder von Kopien oder Replikationen dieser personenbezogenen Daten verlangt ha<span lang=\"de-DE\">ben<\/span>.<\/p>\n<ol>\n<li>\n<ol start=\"4\">\n<li>\n<h2 class=\"western\" lang=\"de-DE\">Recht auf Einschr\u00e4nkung der Verarbeitung<\/h2>\n<\/li>\n<\/ol>\n<\/li>\n<\/ol>\n<p class=\"bodytext\">In einer Reihe von F\u00e4llen sind Sie berechtigt, von uns eine Einschr\u00e4nkung der Verarbeitung Ihrer personenbezogenen Daten zu verlangen.<\/p>\n<p class=\"bodytext\">Im Einzelnen:<\/p>\n<p class=\"bodytext\"><span lang=\"de-DE\">Sie haben<\/span> das Recht, von <span lang=\"de-DE\">uns<\/span> die Einschr\u00e4nkung der Verarbeitung zu verlangen, wenn eine der folgenden Voraussetzungen gegeben ist:<\/p>\n<ol>\n<li>die Richtigkeit der personenbezogenen Daten <span lang=\"de-DE\">wird von Ihnen<\/span> bestritten, und zwar f\u00fcr eine Dauer, die es <span lang=\"de-DE\">uns<\/span> erm\u00f6glicht, die Richtigkeit der personenbezogenen Daten zu \u00fcberpr\u00fcfen,<\/li>\n<li>die Verarbeitung unrechtm\u00e4\u00dfig ist und <span lang=\"de-DE\">Sie<\/span> die L\u00f6schung der personenbezogenen Daten ablehnt<span lang=\"de-DE\">en <\/span>und stattdessen die Einschr\u00e4nkung der Nutzung der personenbezogenen Daten verlangt<span lang=\"de-DE\"> haben<\/span>;<\/li>\n<li>wir die personenbezogenen Daten f\u00fcr die Zwecke der Verarbeitung nicht l\u00e4nger ben\u00f6tigen, Sie die Daten jedoch zur Geltendmachung, Aus\u00fcbung oder Verteidigung von Rechtsanspr\u00fcchen ben\u00f6tigen, oder<\/li>\n<li>Sie Widerspruch gegen die Verarbeitung gem\u00e4\u00df\u00a0<a href=\"https:\/\/dsgvo-gesetz.de\/art-21-dsgvo\/\" target=\"_blank\" rel=\"noopener\">Art<span lang=\"de-DE\">.<\/span> 21<\/a>\u00a0Abs<span lang=\"de-DE\">.<\/span> 1 DSGVO eingelegt haben, solange noch nicht feststeht, ob die berechtigten Gr\u00fcnde unseres Unternehmens gegen\u00fcber den Ihren \u00fcberwiegen.<\/li>\n<\/ol>\n<ol>\n<li>\n<ol start=\"5\">\n<li>\n<h2 class=\"western\" lang=\"de-DE\">Recht auf Daten\u00fcbertragbarkeit<\/h2>\n<\/li>\n<\/ol>\n<\/li>\n<\/ol>\n<p class=\"bodytext\">Sie haben das Recht, Sie betreffende personenbezogene Daten maschinenlesbar zu erhalten, zu \u00fcbermitteln, oder von uns \u00fcbermitteln zu lasen.<\/p>\n<p class=\"bodytext\">Im Einzelnen:<\/p>\n<p class=\"bodytext\">Sie haben das Recht, die Sie betreffenden personenbezogenen Daten, die <span lang=\"de-DE\">Sie <\/span>uns bereitgestellt haben, in einem strukturierten, g\u00e4ngigen und maschinenlesbaren Format zu erhalten, und Sie haben das Recht, diese Daten einem anderen Verantwortlichen ohne Behinderung durch uns zu \u00fcbermitteln, sofern<\/p>\n<ol>\n<li>die Verarbeitung auf einer Einwilligung gem\u00e4\u00df\u00a0<a href=\"https:\/\/dsgvo-gesetz.de\/art-6-dsgvo\/\" target=\"_blank\" rel=\"noopener\">Art<span lang=\"de-DE\">.<\/span> 6<\/a>\u00a0Abs<span lang=\"de-DE\">.<\/span> 1<span lang=\"de-DE\"> S. 1<\/span> a<span lang=\"de-DE\">)<\/span> DSGVO oder\u00a0<a href=\"https:\/\/dsgvo-gesetz.de\/art-9-dsgvo\/\" target=\"_blank\" rel=\"noopener\">Art<span lang=\"de-DE\">.<\/span> 9<\/a>\u00a0Abs<span lang=\"de-DE\">.<\/span> 2 a<span lang=\"de-DE\">)<\/span> DSGVO oder auf einem Vertrag gem\u00e4\u00df\u00a0<a href=\"https:\/\/dsgvo-gesetz.de\/art-6-dsgvo\/\" target=\"_blank\" rel=\"noopener\">Art<span lang=\"de-DE\">.<\/span> 6<\/a>\u00a0Abs<span lang=\"de-DE\">.<\/span> 1<span lang=\"de-DE\"> S. 1<\/span> b<span lang=\"de-DE\">)<\/span> DSGVO beruht und<\/li>\n<li>die Verarbeitung mithilfe automatisierter Verfahren erfolgt.<\/li>\n<\/ol>\n<p class=\"bodytext\">Bei der Aus\u00fcbung <span lang=\"de-DE\">I<\/span>hres Rechts auf Daten\u00fcbertragbarkeit gem\u00e4\u00df Absatz 1 <span lang=\"de-DE\">haben Sie <\/span>das Recht, zu erwirken, dass die personenbezogenen Daten direkt von <span lang=\"de-DE\">uns<\/span> einem anderen Verantwortlichen \u00fcbermittelt werden, soweit dies technisch machbar ist.<\/p>\n<ol>\n<li>\n<ol start=\"6\">\n<li>\n<h2 class=\"western\" lang=\"de-DE\">Widerspruchsrecht<\/h2>\n<\/li>\n<\/ol>\n<\/li>\n<\/ol>\n<p class=\"bodytext\">Sie haben das Recht, aus einer rechtm\u00e4\u00dfigen Verarbeitung Ihrer personenbezogenen Daten durch uns zu widersprechen, wenn sich dies aus Ihrer besonderen Situation begr\u00fcndet und unsere Interessen an der Verarbeitung nicht \u00fcberwiegen.<\/p>\n<p class=\"bodytext\">Im Einzelnen:<\/p>\n<p class=\"bodytext\">Sie haben das Recht, aus Gr\u00fcnden, die sich aus Ihrer besonderen Situation ergeben, jederzeit gegen die Verarbeitung <span lang=\"de-DE\">S<\/span>ie betreffender personenbezogener Daten, die aufgrund von\u00a0<a href=\"https:\/\/dsgvo-gesetz.de\/art-6-dsgvo\/\" target=\"_blank\" rel=\"noopener\">Art<span lang=\"de-DE\">.<\/span> 6<\/a>\u00a0Abs<span lang=\"de-DE\">.<\/span> 1<span lang=\"de-DE\"> S. 1<\/span> e<span lang=\"de-DE\">)<\/span> oder f<span lang=\"de-DE\">)<\/span> DSGVO erfolgt, Widerspruch einzulegen; dies gilt auch f\u00fcr ein auf diese Bestimmungen gest\u00fctztes Profiling. Wir verarbeiten die personenbezogenen Daten nicht mehr, es sei denn, wir k\u00f6nnen zwingende schutzw\u00fcrdige Gr\u00fcnde f\u00fcr die Verarbeitung nachweisen, die Ihre Interessen, Rechte und Freiheiten \u00fcberwiegen, oder die Verarbeitung dient der Geltendmachung, Aus\u00fcbung oder Verteidigung von Rechtsanspr\u00fcchen.<\/p>\n<p class=\"bodytext\">Werden personenbezogene Daten von uns verarbeitet, um Direktwerbung zu betreiben, so haben Sie das Recht, jederzeit Widerspruch gegen die Verarbeitung Sie betreffender personenbezogener Daten zum Zwecke derartiger Werbung einzulegen; dies gilt auch f\u00fcr das Profiling, soweit es mit solcher Direktwerbung in Verbindung steht.<\/p>\n<p class=\"bodytext\">Sie haben das Recht, aus Gr\u00fcnden, die sich aus Ihrer besonderen Situation ergeben, gegen die Sie betreffende Verarbeitung <span lang=\"de-DE\">S<\/span>ie betreffender personenbezogener Daten, die zu wissenschaftlichen oder historischen Forschungszwecken oder zu statistischen Zwecken gem\u00e4\u00df\u00a0<a href=\"https:\/\/dsgvo-gesetz.de\/art-89-dsgvo\/\" target=\"_blank\" rel=\"noopener\">Art<span lang=\"de-DE\">.<\/span> 89<\/a>\u00a0Abs<span lang=\"de-DE\">.<\/span> 1 DSGVO erfolgt, Widerspruch einzulegen, es sei denn, die Verarbeitung ist zur Erf\u00fcllung einer im \u00f6ffentlichen Interesse liegenden Aufgabe erforderlich.<\/p>\n<ol>\n<li>\n<ol start=\"7\">\n<li>\n<h2 class=\"western\" lang=\"de-DE\">Automatisierte Entscheidungen einschlie\u00dflich Profiling<\/h2>\n<\/li>\n<\/ol>\n<\/li>\n<\/ol>\n<p class=\"bodytext\"><span lang=\"de-DE\">Sie haben<\/span> das Recht, nicht einer ausschlie\u00dflich auf einer automatisierten Verarbeitung \u2013 einschlie\u00dflich Profiling \u2013 beruhenden Entscheidung unterworfen zu werden, die <span lang=\"de-DE\">Ihnen<\/span> gegen\u00fcber rechtliche Wirkung entfaltet oder <span lang=\"de-DE\">S<\/span>ie in \u00e4hnlicher Weise erheblich beeintr\u00e4chtigt.<\/p>\n<p class=\"bodytext\"><span lang=\"de-DE\">Eine automatisierte Entscheidungsfindung auf der Grundlage der erhobenen personenbezogenen Daten findet nicht statt.<\/span><\/p>\n<ol>\n<li>\n<ol start=\"8\">\n<li>\n<h2 class=\"western\" lang=\"de-DE\">Recht auf Widerruf einer datenschutzrechtlichen Einwilligung<\/h2>\n<\/li>\n<\/ol>\n<\/li>\n<\/ol>\n<p class=\"bodytext\">Sie haben das Recht, eine Einwilligung zur Verarbeitung personenbezogener Daten jederzeit zu widerrufen.<\/p>\n<ol>\n<li>\n<ol start=\"9\">\n<li>\n<h2 class=\"western\" lang=\"de-DE\">Recht auf Beschwerde bei einer Aufsichtsbeh\u00f6rde<\/h2>\n<\/li>\n<\/ol>\n<\/li>\n<\/ol>\n<p class=\"bodytext\"><span lang=\"de-DE\">Sie haben<\/span> das Recht auf Beschwerde bei einer Aufsichtsbeh\u00f6rde, insbesondere in dem Mitgliedstaat <span lang=\"de-DE\">I<\/span>hres Aufenthaltsorts, <span lang=\"de-DE\">I<\/span>hres Arbeitsplatzes oder des Orts des mutma\u00dflichen Versto\u00dfes, <span lang=\"de-DE\">wenn Sie<\/span> der Ansicht <span lang=\"de-DE\">sind<\/span>, dass die Verarbeitung der <span lang=\"de-DE\">S<\/span>ie betreffenden personenbezogenen Daten <span lang=\"de-DE\">rechtswidrig ist<\/span>.<\/p>\n<ol start=\"7\">\n<li>\n<h1 class=\"western\" lang=\"de-DE\">Datensicherheit<\/h1>\n<\/li>\n<\/ol>\n<p class=\"bodytext\">Wir sind um die Sicherheit Ihrer Daten im Rahmen der geltenden Datenschutzgesetze und technischen M\u00f6glichkeiten maximal bem\u00fcht.<\/p>\n<p class=\"bodytext\">Ihre pers\u00f6nlichen Daten werden bei uns verschl\u00fcsselt \u00fcbertragen. Dies gilt f\u00fcr Ihre Bestellungen und auch f\u00fcr das Kundenlogin. Wir nutzen das Codierungssystem SSL (Secure Socket Layer), weisen jedoch darauf hin, dass die Daten\u00fcbertragung im Internet (z.B. bei der Kommunikation per E-Mail) Sicherheitsl\u00fccken aufweisen kann. Ein l\u00fcckenloser Schutz der Daten vor dem Zugriff durch Dritte ist nicht m\u00f6glich.<\/p>\n<p class=\"bodytext\"><span lang=\"de-DE\">Zur Sicherung Ihrer Daten unterhalten wir technische und organisatorische Sicherungsma\u00dfnahmen entsprechend Art. 32 DSGVO, die wir immer wieder dem Stand der Technik anpassen. <\/span><\/p>\n<p class=\"bodytext\"><a name=\"_GoBack\"><\/a> Wir gew\u00e4hrleisten au\u00dferdem nicht, dass unser Angebot zu bestimmten Zeiten zur Verf\u00fcgung steht; St\u00f6rungen, Unterbrechungen oder Ausf\u00e4lle k\u00f6nnen nicht ausgeschlossen werden. Die <span lang=\"de-DE\">von uns verwendeten <\/span>Server werden regelm\u00e4\u00dfig sorgf\u00e4ltig gesichert.<\/p>\n<ol start=\"8\">\n<li>\n<h1 class=\"western\" lang=\"de-DE\">Weitergabe von Daten an Dritte, keine Daten\u00fcbertragung ins Nicht-EU-Ausland<\/h1>\n<\/li>\n<\/ol>\n<p class=\"bodytext\"><span lang=\"de-DE\">Grunds\u00e4tzlich verwenden wir Ihre personenbezogenen Daten nur innerhalb unseres Unternehmens.<\/span><\/p>\n<p class=\"bodytext\"><span lang=\"de-DE\">Wenn und soweit wir Dritte im Rahmen der Erf\u00fcllung von Vertr\u00e4gen einschalten (etwa Logistik-Dienstleister), erhalten diese personenbezogene Daten nur in dem Umfang, in welchem die \u00dcbermittlung f\u00fcr die entsprechende Leistung erforderlich ist.<\/span><\/p>\n<p class=\"bodytext\"><span lang=\"de-DE\">F\u00fcr den Fall, dass wir bestimmte Teile der Datenverarbeitung auslagern (\u201eAuftragsverarbeitung\u201c), verpflichten wir Auftragsverarbeiter vertraglich dazu, personenbezogene Daten nur im Einklang mit den Anforderungen der Datenschutzgesetze zu verwenden und den Schutz der Rechte der betroffenen Person zu gew\u00e4hrleisten.<\/span><\/p>\n<p class=\"bodytext\"><span lang=\"de-DE\">Eine Daten\u00fcbertragung an Stellen oder Personen au\u00dferhalb der EU au\u00dferhalb des in dieser Erkl\u00e4rung in Ziffer 4 genannten Falls findet nicht statt und ist nicht geplant. <\/span><\/p>\n<ol start=\"9\">\n<li>\n<h1 class=\"western\" lang=\"de-DE\">Datenschutzbeauftragter<\/h1>\n<\/li>\n<\/ol>\n<p class=\"bodytext\">Aufgrund unserer Betriebsgr\u00f6sse sind wir nicht verpflichtet einen Datenschutzbeauftragten zu bestellen.<br \/>\nSollten Sie noch Fragen oder Bedenken zum Datenschutz haben, so wenden Sie sich bitte an unseren<br \/>\nGesch\u00e4ftsf\u00fchrer Herrn Dieter Heyen.<\/p>\n<p>[\/et_pb_text][\/et_pb_column][\/et_pb_row][\/et_pb_section]<\/p>\n","protected":false},"excerpt":{"rendered":"<p><div class=\"et_pb_row et_pb_row_0 et_pb_row_empty\">\n\t\t\t\t\n\t\t\t\t\n\t\t\t\t\n\t\t\t\t\n\t\t\t\t\n\t\t\t<\/div><div class=\"et_pb_row et_pb_row_1 et_pb_row_empty\">\n\t\t\t\t\n\t\t\t\t\n\t\t\t\t\n\t\t\t\t\n\t\t\t\t\n\t\t\t<\/div> Datenschutzerkl\u00e4rung Die nachfolgende Datenschutzerkl\u00e4rung gilt f\u00fcr die Nutzung unseres Online-Angebots www.cut-in-video.de (nachfolgend \u201eWebsite\u201c). Wir messen dem Datenschutz gro\u00dfe Bedeutung bei. Die Erhebung und Verarbeitung Ihrer personenbezogenen Daten geschieht unter Beachtung der geltenden datenschutzrechtlichen Vorschriften, insbesondere der Datenschutzgrundverordnung (DSGVO). Verantwortlicher Verantwortlicher f\u00fcr die Erhebung, Verarbeitung und Nutzung Ihrer personenbezogenen Daten im Sinne von Art. 4 [&hellip;]<\/p>\n","protected":false},"author":1,"featured_media":0,"parent":0,"menu_order":4,"comment_status":"closed","ping_status":"closed","template":"","meta":{"_et_pb_use_builder":"on","_et_pb_old_content":"","_et_gb_content_width":"","footnotes":""},"class_list":["post-1128","page","type-page","status-publish","hentry"],"_links":{"self":[{"href":"https:\/\/cutinvideo.de\/site\/wp-json\/wp\/v2\/pages\/1128","targetHints":{"allow":["GET"]}}],"collection":[{"href":"https:\/\/cutinvideo.de\/site\/wp-json\/wp\/v2\/pages"}],"about":[{"href":"https:\/\/cutinvideo.de\/site\/wp-json\/wp\/v2\/types\/page"}],"author":[{"embeddable":true,"href":"https:\/\/cutinvideo.de\/site\/wp-json\/wp\/v2\/users\/1"}],"replies":[{"embeddable":true,"href":"https:\/\/cutinvideo.de\/site\/wp-json\/wp\/v2\/comments?post=1128"}],"version-history":[{"count":2,"href":"https:\/\/cutinvideo.de\/site\/wp-json\/wp\/v2\/pages\/1128\/revisions"}],"predecessor-version":[{"id":1218,"href":"https:\/\/cutinvideo.de\/site\/wp-json\/wp\/v2\/pages\/1128\/revisions\/1218"}],"wp:attachment":[{"href":"https:\/\/cutinvideo.de\/site\/wp-json\/wp\/v2\/media?parent=1128"}],"curies":[{"name":"wp","href":"https:\/\/api.w.org\/{rel}","templated":true}]}}